{"id":209,"date":"2013-04-15T12:34:01","date_gmt":"2013-04-15T12:34:01","guid":{"rendered":"http:\/\/www.tiesosperocumbiancheros.cl\/?page_id=209"},"modified":"2014-04-27T10:35:00","modified_gmt":"2014-04-27T14:35:00","slug":"sumate-al-trencito","status":"publish","type":"page","link":"https:\/\/www.tiesosperocumbiancheros.cl\/?page_id=209","title":{"rendered":"S\u00famate al Trencito"},"content":{"rendered":"<div style=\"padding-bottom:20px; padding-top:10px;\" class=\"hupso-share-buttons\"><!-- Hupso Share Buttons - http:\/\/www.hupso.com\/share\/ --><a class=\"hupso_counters\" href=\"http:\/\/www.hupso.com\/share\/\"><img src=\"https:\/\/static.hupso.com\/share\/buttons\/lang\/es\/share-small.png\" style=\"border:0px; padding-top:2px; float:left;\" alt=\"Share Button\"\/><\/a><script type=\"text\/javascript\">var hupso_services_c=new Array(\"twitter\",\"facebook_like\");var hupso_counters_lang = \"es_LA\";var hupso_image_folder_url = \"\";var hupso_url_c=\"\";var hupso_title_c=\"S\u00famate al Trencito\";<\/script><script type=\"text\/javascript\" src=\"https:\/\/static.hupso.com\/share\/js\/counters.js\"><\/script><!-- Hupso Share Buttons --><\/div><p>Esta secci\u00f3n est\u00e1 abierta a quienes quieran sumarse al trencito, compartiendo informaci\u00f3n sobre la cumbia chilena o la m\u00fasica tropical en general, tales como reflexiones, notas, art\u00edculos, memorias, tesis, fotograf\u00edas, videos, o lo que quieran compartir cumbiancheramente. S\u00f3lo nos tienen que enviar el documento a compartir adjunto a <a href=\"tiesosperocumbiancheros@gmail.com\">tiesosperocumbiancheros@gmail.com<\/a> junto con nombre y datos de contacto.<\/p>\n<h2 style=\"text-align: center;\"><span style=\"color: #ff0000;\"><a href=\"https:\/\/www.tiesosperocumbiancheros.cl\/?cat=41\"><span style=\"color: #ff0000;\">Continuar<\/span><\/a><\/span><\/h2>\n<p style=\"text-align: center;\"><a href=\"https:\/\/www.tiesosperocumbiancheros.cl\/?cat=41\"><img loading=\"lazy\" class=\"alignnone\" alt=\"\" src=\"http:\/\/t1.gstatic.com\/images?q=tbn:ANd9GcTI3T7MVpueZNX9nW65ax6LcqOiXP99nWuUXDigD4_zSK45cnD3\" width=\"143\" height=\"143\" \/><\/a><\/p>\n","protected":false},"excerpt":{"rendered":"<div style=\"padding-bottom:20px; padding-top:10px;\" class=\"hupso-share-buttons\"><!-- Hupso Share Buttons - http:\/\/www.hupso.com\/share\/ --><a class=\"hupso_counters\" href=\"http:\/\/www.hupso.com\/share\/\"><img src=\"https:\/\/static.hupso.com\/share\/buttons\/lang\/es\/share-small.png\" style=\"border:0px; padding-top:2px; float:left;\" alt=\"Share Button\"\/><\/a><script type=\"text\/javascript\">var hupso_services_c=new Array(\"twitter\",\"facebook_like\");var hupso_counters_lang = \"es_LA\";var hupso_image_folder_url = \"\";var hupso_url_c=\"\";var hupso_title_c=\"S\u00famate al Trencito\";<\/script><script type=\"text\/javascript\" src=\"https:\/\/static.hupso.com\/share\/js\/counters.js\"><\/script><!-- Hupso Share Buttons --><\/div><p>Esta secci\u00f3n est\u00e1 abierta a quienes quieran sumarse al trencito, compartiendo informaci\u00f3n sobre la cumbia chilena o la m\u00fasica tropical en general, tales como reflexiones, notas, art\u00edculos, memorias, tesis, fotograf\u00edas,&#8230;<\/p>\n","protected":false},"author":1,"featured_media":0,"parent":0,"menu_order":0,"comment_status":"open","ping_status":"open","template":"","meta":[],"_links":{"self":[{"href":"https:\/\/www.tiesosperocumbiancheros.cl\/index.php?rest_route=\/wp\/v2\/pages\/209"}],"collection":[{"href":"https:\/\/www.tiesosperocumbiancheros.cl\/index.php?rest_route=\/wp\/v2\/pages"}],"about":[{"href":"https:\/\/www.tiesosperocumbiancheros.cl\/index.php?rest_route=\/wp\/v2\/types\/page"}],"author":[{"embeddable":true,"href":"https:\/\/www.tiesosperocumbiancheros.cl\/index.php?rest_route=\/wp\/v2\/users\/1"}],"replies":[{"embeddable":true,"href":"https:\/\/www.tiesosperocumbiancheros.cl\/index.php?rest_route=%2Fwp%2Fv2%2Fcomments&post=209"}],"version-history":[{"count":9,"href":"https:\/\/www.tiesosperocumbiancheros.cl\/index.php?rest_route=\/wp\/v2\/pages\/209\/revisions"}],"predecessor-version":[{"id":1155,"href":"https:\/\/www.tiesosperocumbiancheros.cl\/index.php?rest_route=\/wp\/v2\/pages\/209\/revisions\/1155"}],"wp:attachment":[{"href":"https:\/\/www.tiesosperocumbiancheros.cl\/index.php?rest_route=%2Fwp%2Fv2%2Fmedia&parent=209"}],"curies":[{"name":"wp","href":"https:\/\/api.w.org\/{rel}","templated":true}]}}