{"id":208,"date":"2013-04-15T12:33:36","date_gmt":"2013-04-15T12:33:36","guid":{"rendered":"http:\/\/www.tiesosperocumbiancheros.cl\/?page_id=208"},"modified":"2016-03-10T11:08:25","modified_gmt":"2016-03-10T15:08:25","slug":"nuestros-pasos","status":"publish","type":"page","link":"https:\/\/www.tiesosperocumbiancheros.cl\/?page_id=208","title":{"rendered":"Nuestros Pasos"},"content":{"rendered":"<div style=\"padding-bottom:20px; padding-top:10px;\" class=\"hupso-share-buttons\"><!-- Hupso Share Buttons - http:\/\/www.hupso.com\/share\/ --><a class=\"hupso_counters\" href=\"http:\/\/www.hupso.com\/share\/\"><img src=\"https:\/\/static.hupso.com\/share\/buttons\/lang\/es\/share-small.png\" style=\"border:0px; padding-top:2px; float:left;\" alt=\"Share Button\"\/><\/a><script type=\"text\/javascript\">var hupso_services_c=new Array(\"twitter\",\"facebook_like\");var hupso_counters_lang = \"es_LA\";var hupso_image_folder_url = \"\";var hupso_url_c=\"\";var hupso_title_c=\"Nuestros Pasos\";<\/script><script type=\"text\/javascript\" src=\"https:\/\/static.hupso.com\/share\/js\/counters.js\"><\/script><!-- Hupso Share Buttons --><\/div><p style=\"text-align: justify;\">El trabajo en terreno es parte fundamental de la Colectiva, pues una de nuestras principales motivaciones es relevar el testimonio de las y los protagonistas y testigos vivos de la llegada y apropiaci\u00f3n de la cumbia en Chile.<\/p>\n<p style=\"text-align: justify;\">Han sido muchos entrevistados y entrevistadas, tanto <em>ties@s <\/em>como <em>cumbiancher@s<\/em>, y la lista sigue creciendo&#8230;<\/p>\n<p><span style=\"text-decoration: underline;\"><strong>Entrevistad@s <em>tiesit@s<\/em><\/strong><\/span><\/p>\n<p>Juan Pablo Gonz\u00e1lez: \u00a0music\u00f3logo y acad\u00e9mico de la Pontificia Universidad Cat\u00f3lica de Chile.\u00a022 marzo 2010, Santiago.<\/p>\n<p>Rodrigo Torres: etnomusic\u00f3logo y acad\u00e9mico de la Universidad de Chile. \u00a017 mayo 2010, Santiago.<\/p>\n<p>C\u00e9sar Puentes y Rodrigo Assef: investigadores (casi)populares. 8 septiembre 2010, Santiago.<\/p>\n<p>Pablo Dintrans: periodista, \u00a0investigador y conductor del Programa Estaci\u00f3n Aeropuerto, Radio Universidad de Chile. Actualmente realiza una investigaci\u00f3n sobre la Orquesta Huambaly. \u00a04 mayo 2011, Santiago.<\/p>\n<p><a href=\"https:\/\/www.tiesosperocumbiancheros.cl\/?p=56\" target=\"_blank\">Andr\u00e9s Pinto<\/a>: m\u00fasico, investigador, cumbianchero y cuequero. Actualmente es m\u00fasico de la Orquesta Tocornal adem\u00e1s de conductor del Programa Chile Patrimonio de la Radio Juan G\u00f3mez Millas. \u00a027 julio 2011, Santiago.<\/p>\n<p><a href=\"https:\/\/www.tiesosperocumbiancheros.cl\/?p=88\" target=\"_blank\">Sebasti\u00e1n Clavero<\/a>: m\u00fasico de la Universidad de La Serena. Actualmente estudia Investigaci\u00f3n Musical en la Universidad de Valpara\u00edso. \u00a03 de septiembre 2011, La Serena<\/p>\n<div id=\"attachment_1500\" style=\"width: 310px\" class=\"wp-caption aligncenter\"><a href=\"https:\/\/www.tiesosperocumbiancheros.cl\/wp-content\/uploads\/2013\/04\/Amparito_El_Encuentro.jpg\" rel=\"attachment wp-att-1500\"><img aria-describedby=\"caption-attachment-1500\" loading=\"lazy\" class=\"wp-image-1500 size-medium\" src=\"https:\/\/www.tiesosperocumbiancheros.cl\/wp-content\/uploads\/2013\/04\/Amparito_El_Encuentro-300x225.jpg\" alt=\"Amparito_El_Encuentro\" width=\"300\" height=\"225\" srcset=\"https:\/\/www.tiesosperocumbiancheros.cl\/wp-content\/uploads\/2013\/04\/Amparito_El_Encuentro-300x225.jpg 300w, https:\/\/www.tiesosperocumbiancheros.cl\/wp-content\/uploads\/2013\/04\/Amparito_El_Encuentro-768x576.jpg 768w, https:\/\/www.tiesosperocumbiancheros.cl\/wp-content\/uploads\/2013\/04\/Amparito_El_Encuentro-1024x768.jpg 1024w, https:\/\/www.tiesosperocumbiancheros.cl\/wp-content\/uploads\/2013\/04\/Amparito_El_Encuentro-160x120.jpg 160w\" sizes=\"(max-width: 300px) 100vw, 300px\" \/><\/a><p id=\"caption-attachment-1500\" class=\"wp-caption-text\">Amparito Jim\u00e9nez en La Serena. El Encuentro. Archivo Tiesos pero Cumbiancheros 2011<\/p><\/div>\n<div id=\"attachment_25\" style=\"width: 310px\" class=\"wp-caption aligncenter\"><a href=\"https:\/\/www.tiesosperocumbiancheros.cl\/wp-content\/uploads\/2013\/01\/enero2012-046.jpg\"><img aria-describedby=\"caption-attachment-25\" loading=\"lazy\" class=\"wp-image-25 size-medium\" title=\"Entrevistando a Amparito Jimenez. Archivo Tiesos pero Cumbiancheros 2011\" src=\"https:\/\/www.tiesosperocumbiancheros.cl\/wp-content\/uploads\/2013\/01\/enero2012-046-300x225.jpg\" alt=\"Entrevistando a Amparito Jimenez. Archivo Tiesos pero Cumbiancheros 2011\" width=\"300\" height=\"225\" srcset=\"https:\/\/www.tiesosperocumbiancheros.cl\/wp-content\/uploads\/2013\/01\/enero2012-046-300x225.jpg 300w, https:\/\/www.tiesosperocumbiancheros.cl\/wp-content\/uploads\/2013\/01\/enero2012-046-220x165.jpg 220w, https:\/\/www.tiesosperocumbiancheros.cl\/wp-content\/uploads\/2013\/01\/enero2012-046.jpg 653w\" sizes=\"(max-width: 300px) 100vw, 300px\" \/><\/a><p id=\"caption-attachment-25\" class=\"wp-caption-text\">Entrevistando a Amparito Jimenez. Archivo Tiesos pero Cumbiancheros 2011<\/p><\/div>\n<p>&nbsp;<\/p>\n<p><strong>Entrevistad@<em>s cumbiancher@s:<\/em><\/strong><\/p>\n<p><a title=\"LS\" href=\"https:\/\/www.tiesosperocumbiancheros.cl\/?p=75\" target=\"_blank\">Leo Soto:<\/a> timbalero y representante de La Sonora de Tommy Rey. 21 abril 2010 y julio 2014, Santiago.<\/p>\n<p>Carlos Gonz\u00e1lez: productor cumbianchero y compositor de cumbias p\u00edcaras. 5 mayo 2010 y 12 de septiembre de 2014,\u00a0Santiago.<\/p>\n<p><a title=\"ASR\" href=\"https:\/\/www.tiesosperocumbiancheros.cl\/?p=103\" target=\"_blank\">Adelqui Silva<\/a>: baterista de la Orquesta Cubanac\u00e1n y hoy en Los Rumberos del 900. 12 de mayo 2010 y agosto 2014, Santiago.<\/p>\n<p><a title=\"JV\" href=\"https:\/\/www.tiesosperocumbiancheros.cl\/?p=71\" target=\"_blank\">Joe Vasconcellos:<\/a> \u00abcultor de la alegr\u00eda\u00bb. 26 mayo 2010, Santiago.<\/p>\n<p><a href=\"https:\/\/www.tiesosperocumbiancheros.cl\/?p=73\" target=\"_blank\">Eduardo L\u00f3pez<\/a>: gestor de la Fonda Permanente \u00abLa popular\u00bb.\u00a026 mayo 2010, Santiago.<\/p>\n<p>Jaime Fredes: Director de <a title=\"R900\" href=\"https:\/\/www.tiesosperocumbiancheros.cl\/?p=66\" target=\"_blank\">Los Rumberos del 900<\/a>. 12 de mayo y 28 julio 2010, Santiago.<\/p>\n<p>Marcela Cardemil: percusionsita de\u00a0<a title=\"LR900\" href=\"https:\/\/www.tiesosperocumbiancheros.cl\/?p=66\" target=\"_blank\">Los Rumberos del 900<\/a>. 28 julio 2010, Santiago.<\/p>\n<p>Ximena Duque:\u00a0cantante de\u00a0<a title=\"r\" href=\"https:\/\/www.tiesosperocumbiancheros.cl\/?p=66\" target=\"_blank\">Los Rumberos del 900<\/a>. 28 julio 2010, Santiago.<\/p>\n<p>H\u00e9ctor Brice\u00f1o (Park\u00edmetro): trombonista de \u00a0<a title=\"r\" href=\"https:\/\/www.tiesosperocumbiancheros.cl\/?p=66\" target=\"_blank\">Los Rumberos del 900<\/a>\u00a0y\u00a0director de Santiago All Stars.\u00a028 julio 2010 y 7 de septiembre 2014, Santiago.<\/p>\n<p>Carlos Montes (guitarrista), Juan Saravia (cantante), Alejandro \u00c1lamos (trompetista) y Carlos Ria\u00f1o (trompetista): integrantes de Los Rumberos del 900. 12 de mayo 2010, Santiago.<\/p>\n<p>Edson N\u00fa\u00f1ez, \u00c1ngel N\u00fa\u00f1ez, Franco Cort\u00e9s, Eduardo Macuada y Pedro Barraza: integrantes de\u00a0<a title=\"LV5\" href=\"https:\/\/www.tiesosperocumbiancheros.cl\/?p=83\" target=\"_blank\">Los Vikings 5<\/a> (entrevista-taller grupal). 28 agosto 2010, Coquimbo.<\/p>\n<p>Willy \u00abAg\u00fcita\u00bb Carraset: director grupo Albacora. 29\u00a0agosto 2010 y agosto 2014, Coquimbo.<\/p>\n<p>Wilson Cuturrufo: m\u00fasico y gestor cultural de la comuna de Coquimbo.\u00a029\u00a0agosto 2010, Coquimbo.<\/p>\n<p><a title=\"http:\/\/tiesosperocumbiancheros.cl\/wordpress\/?p=661\" href=\"https:\/\/www.tiesosperocumbiancheros.cl\/?p=107\" target=\"_blank\">Ricardo Barrios:<\/a> trompetista de orquestas tropicales (Huambaly, Cubanac\u00e1n y otras) y hoy de los <a title=\"r\" href=\"https:\/\/www.tiesosperocumbiancheros.cl\/?p=66\" target=\"_blank\">Rumberos del 900<\/a>. 23 y 30 marzo 2011, Santiago.<\/p>\n<p>Pepe Fuentes: cuequero y guitarrista que acompa\u00f1\u00f3 a <a title=\"ww\" href=\"http:\/\/tiesosperocumbiancheros.cl\/wordpress\/?p=184\" target=\"_blank\">Los Wawanc\u00f3 <\/a>en los &#8217;70.\u00a030 marzo 2011, Santiago.<\/p>\n<p><a title=\"Sergio Solar\" href=\"http:\/\/tiesosperocumbiancheros.cl\/wordpress\/?p=184\" target=\"_blank\">Sergio Solar<\/a>: guitarrista de Los Wawanc\u00f3. 8 abril 2011, Vi\u00f1a del Mar.<\/p>\n<p><a title=\"http:\/\/tiesosperocumbiancheros.cl\/wordpress\/?p=541\" href=\"http:\/\/tiesosperocumbiancheros.cl\/wordpress\/?p=541\" target=\"_blank\">Iv\u00e1n D\u00edaz:<\/a> percusionista de Orquesta Los Caribes y hoy <a title=\"r\" href=\"https:\/\/www.tiesosperocumbiancheros.cl\/?p=66\" target=\"_blank\">Rumberos del 900<\/a>. 27 abril 2011. Santiago.<\/p>\n<p>Patricio Z\u00fa\u00f1iga \u00ab<a href=\"http:\/\/tiesosperocumbiancheros.cl\/wordpress\/?p=1134\" target=\"_blank\">Tommy Rey<\/a>\u00ab: cantante de la Sonora de Tommy Rey. 30 abril 2011. Santiago.<\/p>\n<p>Carmelo Bustos: clarinetista y saxofonista de la Orquesta Huambaly. 3 mayo 2011. Santiago.<\/p>\n<p>Jaising Palacios: representante comercial de la Sonora Palacios.\u00a04 mayo 2011, Santiago.<\/p>\n<p>Marty Palacios (hijo): timbalero de la Sonora Palacios. 4 mayo 2011, Santiago.<\/p>\n<p>Beatriz Alegret: vedette. 10 mayo 2011, Santiago.<\/p>\n<p>Tito Esc\u00e1rate: rockero y cumbianchero. 24 junio 2011, Santiago.<\/p>\n<p>Marty Palacios (padre): trompetista y director de la Sonora Palacios. 21 julio 2011, Santiago.<\/p>\n<p>Eduardo \u00abLalo\u00bb Palacios: director Sonora Jr. L. Palacios. 22 de julio 2011, Santiago.<\/p>\n<p>Mauricio Redol\u00e9s: m\u00fasico de \u00abcollage\u00bb y poeta. 25 julio 2011, Santiago.<\/p>\n<p><a href=\"http:\/\/tiesosperocumbiancheros.cl\/wordpress\/?p=786\" target=\"_blank\">Amparito Jim\u00e9nez<\/a>: cantante colombiana que populariz\u00f3 en Chile \u00a0\u00abLa pollera color\u00e1\u00bb en los &#8217;60. 27 julio; \u00a04 septiembre 2011 y 7 de enero 2012 , La Serena.<\/p>\n<p><a title=\"http:\/\/tiesosperocumbiancheros.cl\/wordpress\/?p=611\" href=\"http:\/\/tiesosperocumbiancheros.cl\/wordpress\/?p=611\" target=\"_blank\">Hern\u00e1n Gallardo Pav\u00e9z:<\/a> compositor de \u00ab<a title=\"Un a\u00f1o m\u00e1s\" href=\"http:\/\/tiesosperocumbiancheros.cl\/wordpress\/?p=1011\" target=\"_blank\">Un a\u00f1o m\u00e1s<\/a>\u00bb junto con muchas otras canciones. 28 julio, 5 septiembre 2011 y 7 de enero 2012, Coquimbo.<\/p>\n<p>Eduardo Carrasco: Quenista, compositor, director y fundador de Quilapay\u00fan. 2 de agosto 2011, v\u00eda e-mail.<\/p>\n<p>Rodolfo Ya\u00f1ez, Charly y Delson Robledo: \u00a0integrantes del \u00a0<a title=\"Grupo Hechizo\" href=\"http:\/\/tiesosperocumbiancheros.cl\/wordpress\/?p=1379\" target=\"_blank\">Grupo Hechizo<\/a>. \u00a09 de enero 2012, Ovalle.<\/p>\n<p><a href=\"http:\/\/tiesosperocumbiancheros.cl\/wordpress\/?p=877\" target=\"_blank\">Juan \u00abChocolate\u00bb Rodr\u00edguez<\/a>: crooner de la Orquesta Ritmo y Juventud. 25 de enero 2012, \u00a0Santiago.<\/p>\n<p>Valent\u00edn Trujillo: pianista, orquestador de m\u00fasica popular. 29 de enero 2012, Santiago.<\/p>\n<p>Olivier Conan (vocalista) y Jason Cepeda (conguero): integrantes del Grupo Chicha Libre. 19 abril 2012, C\u00f3rdoba, Argentina.<\/p>\n<p>Manuel Ceroni (Vocalista, acordeonista y guitarrista) y Pape (payaso y accesorios): Integrantes del grupo Challa Carnavalito. 6 junio 2012, Santiago.<\/p>\n<p>Max Vivar: cantante del grupo Villa Cari\u00f1o. 9 octubre 2012, Santiago.<\/p>\n<p>Pollo (voz), Richi (guiro) y Gonzalo (tumbadoras): integrantes de Santa Feria. 14 de noviembre 2012, Santiago.<\/p>\n<p>H\u00e9ctor \u00abTit\u00edn\u00bb Arriagada: tecladista de Adri\u00e1n y los Dados Negros.12 de febrero 2014, La Serena.<\/p>\n<p><a title=\"Leo Nu\u00f1ez\" href=\"https:\/\/www.tiesosperocumbiancheros.cl\/?p=1413\" target=\"_blank\">Leonardo N\u00fa\u00f1ez<\/a>:\u00a0Trompetista y compositor de la Sonora Los Caribes, Sonora Palacios, Sonora de Tommy Rey, Los Galos y \u201cChacal de la Trompeta\u201d en S\u00e1bados Gigantes. 25 de abril 2014, Santiago.<\/p>\n<p>Samuel Arochas:\u00a0Percusionista, compositor y director de Banana 5. 6 de junio 2014, Santiago.<\/p>\n<p>Humberto Leiva:\u00a0Fundador y bajista de Los Trianeros. 22 de junio 2014, v\u00eda telef\u00f3nica.<\/p>\n<p>Rub\u00e9n Sapia\u00edn:\u00a0Segunda guitarra de Los F\u00e9nix. Septiembre 2014, v\u00eda e-mail.<\/p>\n<p>&nbsp;<\/p>\n<p>&nbsp;<\/p>\n<p>&nbsp;<\/p>\n<p>&nbsp;<\/p>\n","protected":false},"excerpt":{"rendered":"<div style=\"padding-bottom:20px; padding-top:10px;\" class=\"hupso-share-buttons\"><!-- Hupso Share Buttons - http:\/\/www.hupso.com\/share\/ --><a class=\"hupso_counters\" href=\"http:\/\/www.hupso.com\/share\/\"><img src=\"https:\/\/static.hupso.com\/share\/buttons\/lang\/es\/share-small.png\" style=\"border:0px; padding-top:2px; float:left;\" alt=\"Share Button\"\/><\/a><script type=\"text\/javascript\">var hupso_services_c=new Array(\"twitter\",\"facebook_like\");var hupso_counters_lang = \"es_LA\";var hupso_image_folder_url = \"\";var hupso_url_c=\"\";var hupso_title_c=\"Nuestros Pasos\";<\/script><script type=\"text\/javascript\" src=\"https:\/\/static.hupso.com\/share\/js\/counters.js\"><\/script><!-- Hupso Share Buttons --><\/div><p>El trabajo en terreno es parte fundamental de la Colectiva, pues una de nuestras principales motivaciones es relevar el testimonio de las y los protagonistas y testigos vivos de la&#8230;<\/p>\n","protected":false},"author":1,"featured_media":0,"parent":0,"menu_order":0,"comment_status":"closed","ping_status":"open","template":"","meta":[],"_links":{"self":[{"href":"https:\/\/www.tiesosperocumbiancheros.cl\/index.php?rest_route=\/wp\/v2\/pages\/208"}],"collection":[{"href":"https:\/\/www.tiesosperocumbiancheros.cl\/index.php?rest_route=\/wp\/v2\/pages"}],"about":[{"href":"https:\/\/www.tiesosperocumbiancheros.cl\/index.php?rest_route=\/wp\/v2\/types\/page"}],"author":[{"embeddable":true,"href":"https:\/\/www.tiesosperocumbiancheros.cl\/index.php?rest_route=\/wp\/v2\/users\/1"}],"replies":[{"embeddable":true,"href":"https:\/\/www.tiesosperocumbiancheros.cl\/index.php?rest_route=%2Fwp%2Fv2%2Fcomments&post=208"}],"version-history":[{"count":16,"href":"https:\/\/www.tiesosperocumbiancheros.cl\/index.php?rest_route=\/wp\/v2\/pages\/208\/revisions"}],"predecessor-version":[{"id":1501,"href":"https:\/\/www.tiesosperocumbiancheros.cl\/index.php?rest_route=\/wp\/v2\/pages\/208\/revisions\/1501"}],"wp:attachment":[{"href":"https:\/\/www.tiesosperocumbiancheros.cl\/index.php?rest_route=%2Fwp%2Fv2%2Fmedia&parent=208"}],"curies":[{"name":"wp","href":"https:\/\/api.w.org\/{rel}","templated":true}]}}